{"id":21141,"date":"2023-11-02T09:22:06","date_gmt":"2023-11-02T09:22:06","guid":{"rendered":"https:\/\/www.mhic.cat\/exposicions-permanents\/"},"modified":"2024-01-15T10:27:02","modified_gmt":"2024-01-15T10:27:02","slug":"exposicions-permanents","status":"publish","type":"page","link":"https:\/\/www.mhic.cat\/es\/exposicions-permanents\/","title":{"rendered":"Exposicions permanents"},"content":{"rendered":"<section class=\"wpb-content-wrapper\"><p>[vc_row row_height_percent=\u00bb0&#8243; override_padding=\u00bbyes\u00bb h_padding=\u00bb2&#8243; top_padding=\u00bb3&#8243; bottom_padding=\u00bb2&#8243; overlay_alpha=\u00bb50&#8243; gutter_size=\u00bb3&#8243; column_width_percent=\u00bb100&#8243; shift_y=\u00bb0&#8243; z_index=\u00bb0&#8243; uncode_shortcode_id=\u00bb151913&#8243;][vc_column width=\u00bb1\/1&#8243;][vc_custom_heading text_color=\u00bbcolor-jevc\u00bb heading_semantic=\u00bbdiv\u00bb text_font=\u00bbFira-Sans\u00bb text_size=\u00bbh6&#8243; text_weight=\u00bb700&#8243; text_height=\u00bbfontheight-533793&#8243; uncode_shortcode_id=\u00bb203933&#8243; text_color_type=\u00bbuncode-palette\u00bb]Las exposiciones permanentes del mhic se dividen en tres \u00e1mbitos que se sit\u00faan en el exterior del museo y hablan de los movimientos migratorios, a lo largo de la historia, en catalu\u00f1a y el resto del mundo.[\/vc_custom_heading][vc_custom_heading text_color=\u00bbcolor-jevc\u00bb heading_semantic=\u00bbdiv\u00bb text_font=\u00bbRoboto-Slab\u00bb text_size=\u00bbh4&#8243; text_weight=\u00bb700&#8243; uncode_shortcode_id=\u00bb108507&#8243; text_color_type=\u00bbuncode-palette\u00bb el_class=\u00bbsection-title-pearl\u00bb]\u00c1MBITO 1. EL AND\u00c9N[\/vc_custom_heading][vc_row_inner][vc_column_inner width=\u00bb2\/3&#8243;][vc_custom_heading text_color=\u00bbcolor-jevc\u00bb heading_semantic=\u00bbdiv\u00bb text_font=\u00bbFira-Sans\u00bb text_size=\u00bbfontsize-186462&#8243; text_weight=\u00bb700&#8243; sub_reduced=\u00bbyes\u00bb uncode_shortcode_id=\u00bb132384&#8243; text_color_type=\u00bbuncode-palette\u00bb]Tiempos de migraciones[\/vc_custom_heading][vc_custom_heading text_color=\u00bbcolor-jevc\u00bb heading_semantic=\u00bbdiv\u00bb text_font=\u00bbFira-Sans\u00bb text_size=\u00bb\u00bb text_weight=\u00bb300&#8243; text_height=\u00bbfontheight-533793&#8243; uncode_shortcode_id=\u00bb124535&#8243; text_color_type=\u00bbuncode-palette\u00bb]Es el espacio de bienvenida en el Museo. El MhiC ha sido concebido como un recorrido por varias estaciones para que los visitantes transiten y reflexionen sobre los procesos migratorios.<\/p>\n<p>&nbsp;<\/p>\n<p>\u00bfQu\u00e9 es la inmigraci\u00f3n? \u00bfQui\u00e9n emigra? \u00bfHacia d\u00f3nde va? \u00bfCu\u00e1ntas personas migrantes hay hoy en d\u00eda en el mundo? \u00bfCu\u00e1ntas personas migrantes hay en Catalu\u00f1a, en sus pueblos y en sus barrios? \u00bfCu\u00e1les son los derechos de las personas migrantes? \u00bfCu\u00e1les son los derechos de las personas migrantes? \u00bfCu\u00e1l es la acogida que se les ofrece desde la sociedad?<\/p>\n<p>&nbsp;<\/p>\n<p>Es tiempo de migraciones y vivimos en un mundo en continuo movimiento. Los desplazamientos de personas entre territorios crean flujos que transforman las sociedades y se convierten en elementos consustanciales del mundo contempor\u00e1neo.<\/p>\n<p>&nbsp;<\/p>\n<p>Empieza nuestro viaje\u2026[\/vc_custom_heading][\/vc_column_inner][vc_column_inner width=\u00bb1\/3&#8243;][vc_empty_space empty_h=\u00bb2&#8243;][vc_single_image media=\u00bb20553&#8243; media_width_percent=\u00bb100&#8243; uncode_shortcode_id=\u00bb134451&#8243;][\/vc_column_inner][\/vc_row_inner][vc_empty_space empty_h=\u00bb2&#8243;][vc_custom_heading text_color=\u00bbcolor-jevc\u00bb heading_semantic=\u00bbdiv\u00bb text_font=\u00bbRoboto-Slab\u00bb text_size=\u00bbh4&#8243; text_weight=\u00bb700&#8243; uncode_shortcode_id=\u00bb179415&#8243; text_color_type=\u00bbuncode-palette\u00bb el_class=\u00bbsection-title-pearl\u00bb]\u00c1MBITO 2. HUMANOS EN MOVIMIENTO[\/vc_custom_heading][vc_custom_heading text_color=\u00bbcolor-jevc\u00bb heading_semantic=\u00bbdiv\u00bb text_font=\u00bbFira-Sans\u00bb text_size=\u00bbfontsize-186462&#8243; text_weight=\u00bb700&#8243; sub_reduced=\u00bbyes\u00bb uncode_shortcode_id=\u00bb447903&#8243; text_color_type=\u00bbuncode-palette\u00bb]L\u00ednea hist\u00f3rica. Migraciones desde la prehistoria hasta el s. XX.[\/vc_custom_heading][vc_custom_heading text_color=\u00bbcolor-jevc\u00bb heading_semantic=\u00bbdiv\u00bb text_font=\u00bbFira-Sans\u00bb text_size=\u00bb\u00bb text_weight=\u00bb300&#8243; uncode_shortcode_id=\u00bb194296&#8243; text_color_type=\u00bbuncode-palette\u00bb]Humanos en movimiento intenta una aproximaci\u00f3n a la historia desde el espejo de la movilidad humana. Se examinan conceptos y terminolog\u00edas asociadas al hecho migratorio a trav\u00e9s de elementos museogr\u00e1ficos interactivos y pedag\u00f3gicos. Es un recorrido de iniciaci\u00f3n desde la prehistoria hasta el siglo XX en el que los visitantes profundizar\u00e1n en conceptos como el nomadismo o el equipaje vinculado al aprendizaje del inmigrante. Invitamos al p\u00fablico a experimentar el prejuicio y a analizar la territorialidad y la identidad como conceptos vinculados a los procesos migratorios.<\/p>\n<p>&nbsp;<\/p>\n<p>Finalmente, se plantea una aproximaci\u00f3n a los motivos de las migraciones y el hecho hist\u00f3rico de atravesar mares y oc\u00e9anos. Finalizamos con una mirada a Catalu\u00f1a y a Sant Adri\u00e0 de Bes\u00f2s, territorio convertido en escenario de las inmigraciones constantes del siglo XIX.[\/vc_custom_heading][\/vc_column][\/vc_row][vc_row row_height_percent=\u00bb0&#8243; back_color=\u00bbFinch\u00bb overlay_alpha=\u00bb50&#8243; equal_height=\u00bbyes\u00bb gutter_size=\u00bb3&#8243; column_width_percent=\u00bb100&#8243; shift_y=\u00bb0&#8243; z_index=\u00bb0&#8243; uncode_shortcode_id=\u00bb205965&#8243; back_color_type=\u00bbuncode-palette\u00bb][vc_column column_width_percent=\u00bb100&#8243; position_vertical=\u00bbmiddle\u00bb gutter_size=\u00bb3&#8243; overlay_alpha=\u00bb50&#8243; shift_x=\u00bb0&#8243; shift_y=\u00bb0&#8243; shift_y_down=\u00bb0&#8243; z_index=\u00bb0&#8243; medium_width=\u00bb0&#8243; mobile_width=\u00bb0&#8243; width=\u00bb3\/12&#8243; uncode_shortcode_id=\u00bb143829&#8243;][vc_single_image media=\u00bb20559&#8243; media_width_percent=\u00bb100&#8243; uncode_shortcode_id=\u00bb484422&#8243;][\/vc_column][vc_column column_width_percent=\u00bb100&#8243; position_vertical=\u00bbmiddle\u00bb gutter_size=\u00bb3&#8243; overlay_alpha=\u00bb50&#8243; shift_x=\u00bb0&#8243; shift_y=\u00bb0&#8243; shift_y_down=\u00bb0&#8243; z_index=\u00bb0&#8243; medium_width=\u00bb0&#8243; mobile_width=\u00bb0&#8243; width=\u00bb4\/12&#8243; uncode_shortcode_id=\u00bb122506&#8243;][vc_single_image media=\u00bb20562&#8243; media_width_percent=\u00bb100&#8243; uncode_shortcode_id=\u00bb294824&#8243;][\/vc_column][vc_column width=\u00bb5\/12&#8243;][vc_custom_heading text_color=\u00bbcolor-xsdn\u00bb heading_semantic=\u00bbdiv\u00bb text_font=\u00bbFira-Sans\u00bb text_size=\u00bbfontsize-186462&#8243; text_weight=\u00bb700&#8243; sub_reduced=\u00bbyes\u00bb uncode_shortcode_id=\u00bb146461&#8243; text_color_type=\u00bbuncode-palette\u00bb]PARADAS:[\/vc_custom_heading][vc_custom_heading text_color=\u00bbcolor-xsdn\u00bb heading_semantic=\u00bbdiv\u00bb text_font=\u00bbFira-Sans\u00bb text_size=\u00bb\u00bb text_weight=\u00bb300&#8243; text_height=\u00bbfontheight-582464&#8243; sub_reduced=\u00bbyes\u00bb uncode_shortcode_id=\u00bb145701&#8243; text_color_type=\u00bbuncode-palette\u00bb]<\/p>\n<ul style=\"margin-top: 0;\">\n<li style=\"line-height: 30px;\">Descubre el contenido de la exposici\u00f3n en l\u00ednea<\/li>\n<li style=\"line-height: 30px;\"><a style=\"color: white; text-decoration: underline!important;\" href=\"https:\/\/mhicqr.wordpress.com\/category\/1-la-humanitat-nomada\/\" target=\"_blank\" rel=\"noopener\">La Humanitat N\u00f2mada.<\/a><\/li>\n<li style=\"line-height: 30px;\"><a style=\"color: white; text-decoration: underline!important;\" href=\"https:\/\/mhicqr.wordpress.com\/category\/2-pastors-agricultors-i-ramaders\/\" target=\"_blank\" rel=\"noopener\">Pastors, Agricultors i Ramaders.<\/a><\/li>\n<li style=\"line-height: 30px;\"><a style=\"color: white; text-decoration: underline!important;\" href=\"https:\/\/mhicqr.wordpress.com\/category\/3-travessant-mars-i-oceans\/\" target=\"_blank\" rel=\"noopener\">Travessant mars i oceans.<\/a><\/li>\n<li style=\"line-height: 30px;\"><a style=\"color: white; text-decoration: underline!important;\" href=\"https:\/\/mhicqr.wordpress.com\/category\/4-emigrar-sota-les-xemeneies\/\" target=\"_blank\" rel=\"noopener\">Emigrar sota les xemeneies.<\/a><\/li>\n<\/ul>\n<p>[\/vc_custom_heading][vc_button button_color=\u00bbcolor-xsdn\u00bb hover_fx=\u00bboutlined\u00bb outline=\u00bbyes\u00bb border_width=\u00bb2&#8243; link=\u00bburl:https%3A%2F%2Fmhicqr.wordpress.com%2F|target:_blank|rel:nofollow|\u00bb button_color_type=\u00bbuncode-palette\u00bb uncode_shortcode_id=\u00bb149944&#8243;]+ Informaci\u00f3n &#8211; Humanos en movimiento[\/vc_button][\/vc_column][\/vc_row][vc_row][vc_column width=\u00bb1\/1&#8243;][vc_empty_space empty_h=\u00bb2&#8243;][vc_custom_heading text_color=\u00bbcolor-jevc\u00bb heading_semantic=\u00bbdiv\u00bb text_font=\u00bbRoboto-Slab\u00bb text_size=\u00bbh4&#8243; text_weight=\u00bb700&#8243; uncode_shortcode_id=\u00bb305449&#8243; text_color_type=\u00bbuncode-palette\u00bb el_class=\u00bbsection-title-pearl\u00bb]\u00c1MBITO 3. SEVILLANO- BARCELONA-TERMINO[\/vc_custom_heading][vc_custom_heading text_color=\u00bbcolor-jevc\u00bb heading_semantic=\u00bbdiv\u00bb text_font=\u00bbFira-Sans\u00bb text_size=\u00bbfontsize-186462&#8243; text_weight=\u00bb700&#8243; sub_reduced=\u00bbyes\u00bb uncode_shortcode_id=\u00bb111300&#8243; text_color_type=\u00bbuncode-palette\u00bb]Migraciones del s. XX. El tren emblem\u00e1tico en el que m\u00e1s de un mill\u00f3n de personas llegaron a Catalu\u00f1a. Un espacio lleno de emociones.[\/vc_custom_heading][vc_custom_heading text_color=\u00bbcolor-jevc\u00bb heading_semantic=\u00bbdiv\u00bb text_font=\u00bbFira-Sans\u00bb text_size=\u00bb\u00bb text_weight=\u00bb300&#8243; uncode_shortcode_id=\u00bb934733&#8243; text_color_type=\u00bbuncode-palette\u00bb]Este \u00e1mbito est\u00e1 localizado en el interior de un antiguo vag\u00f3n de tren de mediados del siglo XX. Una gran pieza que rinde homenaje a toda la poblaci\u00f3n llegada a Catalu\u00f1a a lo largo del siglo XX y sin la cual no podemos entender la Catalu\u00f1a actual. En el interior de este tren viajeros virtuales acompa\u00f1an al visitante a lo largo de este recorrido con sus testimonios y recuerdos.<\/p>\n<p>&nbsp;<\/p>\n<p>La exposici\u00f3n da un papel central a los testimonios como productor de la colecci\u00f3n migratoria del MhiC y recoge historias de su viaje, de la vida en las tierras de origen, la llegada, el asentamiento y la vida cotidiana. Una parte importante del p\u00fablico del museo son personas que viajaron en el Sevillano y nos han permitido profundizar en aspectos hist\u00f3ricos y testimoniales que ayudan a seguir la documentaci\u00f3n de memorias y objetos que configuran este patrimonio.[\/vc_custom_heading][\/vc_column][\/vc_row][vc_row row_height_percent=\u00bb0&#8243; back_color=\u00bbFinch\u00bb overlay_alpha=\u00bb50&#8243; equal_height=\u00bbyes\u00bb gutter_size=\u00bb3&#8243; column_width_percent=\u00bb100&#8243; shift_y=\u00bb0&#8243; z_index=\u00bb0&#8243; uncode_shortcode_id=\u00bb205965&#8243; back_color_type=\u00bbuncode-palette\u00bb][vc_column column_width_percent=\u00bb100&#8243; position_vertical=\u00bbmiddle\u00bb gutter_size=\u00bb3&#8243; overlay_alpha=\u00bb50&#8243; shift_x=\u00bb0&#8243; shift_y=\u00bb0&#8243; shift_y_down=\u00bb0&#8243; z_index=\u00bb0&#8243; medium_width=\u00bb0&#8243; mobile_width=\u00bb0&#8243; width=\u00bb3\/12&#8243; uncode_shortcode_id=\u00bb143829&#8243;][vc_single_image media=\u00bb20975&#8243; media_width_percent=\u00bb100&#8243; uncode_shortcode_id=\u00bb225147&#8243;][\/vc_column][vc_column column_width_percent=\u00bb100&#8243; position_vertical=\u00bbmiddle\u00bb gutter_size=\u00bb3&#8243; overlay_alpha=\u00bb50&#8243; shift_x=\u00bb0&#8243; shift_y=\u00bb0&#8243; shift_y_down=\u00bb0&#8243; z_index=\u00bb0&#8243; medium_width=\u00bb0&#8243; mobile_width=\u00bb0&#8243; width=\u00bb4\/12&#8243; uncode_shortcode_id=\u00bb122506&#8243;][vc_single_image media=\u00bb20602&#8243; media_width_percent=\u00bb100&#8243; uncode_shortcode_id=\u00bb376360&#8243;][\/vc_column][vc_column width=\u00bb5\/12&#8243;][vc_custom_heading text_color=\u00bbcolor-xsdn\u00bb heading_semantic=\u00bbdiv\u00bb text_font=\u00bbFira-Sans\u00bb text_size=\u00bbfontsize-186462&#8243; text_weight=\u00bb700&#8243; sub_reduced=\u00bbyes\u00bb uncode_shortcode_id=\u00bb146461&#8243; text_color_type=\u00bbuncode-palette\u00bb]PARADAS:[\/vc_custom_heading][vc_custom_heading text_color=\u00bbcolor-xsdn\u00bb heading_semantic=\u00bbdiv\u00bb text_font=\u00bbFira-Sans\u00bb text_size=\u00bb\u00bb text_weight=\u00bb300&#8243; sub_reduced=\u00bbyes\u00bb uncode_shortcode_id=\u00bb932406&#8243; text_color_type=\u00bbuncode-palette\u00bb]<\/p>\n<ul style=\"margin-top: 0;\">\n<li style=\"line-height: 30px;\">Los or\u00edgenes<\/li>\n<li style=\"line-height: 30px;\">El viaje y el recorrido<\/li>\n<li style=\"line-height: 30px;\">Los motivos<\/li>\n<li style=\"line-height: 30px;\">La memoria migratoria (testimonios)<\/li>\n<\/ul>\n<p>[\/vc_custom_heading][vc_button button_color=\u00bbcolor-xsdn\u00bb hover_fx=\u00bboutlined\u00bb outline=\u00bbyes\u00bb border_width=\u00bb2&#8243; link=\u00bburl:https%3A%2F%2Fwww.mhic.cat%2Festacio-3-sevillano-barcelona-termino%2F|title:%C3%81MBITO%203.%20SEVILLANO-%20BARCELONA-TERMINO|target:_blank\u00bb button_color_type=\u00bbuncode-palette\u00bb uncode_shortcode_id=\u00bb361220&#8243;]+ Informaci\u00f3n &#8211; El sevillano[\/vc_button][\/vc_column][\/vc_row][vc_row][vc_column width=\u00bb1\/1&#8243;][vc_empty_space empty_h=\u00bb2&#8243;][vc_custom_heading text_color=\u00bbcolor-jevc\u00bb heading_semantic=\u00bbdiv\u00bb text_font=\u00bbRoboto-Slab\u00bb text_size=\u00bbh4&#8243; text_weight=\u00bb700&#8243; uncode_shortcode_id=\u00bb239151&#8243; text_color_type=\u00bbuncode-palette\u00bb el_class=\u00bbsection-title-pearl\u00bb]\u00c1MBITO 4. ESPACIO [MIGRAR][\/vc_custom_heading][vc_custom_heading text_color=\u00bbcolor-jevc\u00bb heading_semantic=\u00bbdiv\u00bb text_font=\u00bbFira-Sans\u00bb text_size=\u00bbfontsize-186462&#8243; text_weight=\u00bb700&#8243; sub_reduced=\u00bbyes\u00bb uncode_shortcode_id=\u00bb473216&#8243; text_color_type=\u00bbuncode-palette\u00bb]Migraci\u00f3n y globalizaci\u00f3n en el s. XXI. Las migraciones en tiempos de globalizaci\u00f3n.[\/vc_custom_heading][vc_custom_heading text_color=\u00bbcolor-jevc\u00bb heading_semantic=\u00bbdiv\u00bb text_font=\u00bbFira-Sans\u00bb text_size=\u00bb\u00bb text_weight=\u00bb300&#8243; uncode_shortcode_id=\u00bb183119&#8243; text_color_type=\u00bbuncode-palette\u00bb]Espacio [MIGRAR]: \u00e1mbito dedicado al patrimonio migratorio del presente siglo XXI. El MhiC consolida este espacio como una colecci\u00f3n viva y en proceso de construcci\u00f3n. Este \u00e1mbito expositivo est\u00e1 situado al aire libre e invita al visitante a reflexionar sobre el presente m\u00e1s inmediato y el futuro de las migraciones y plantea cuestiones sobre c\u00f3mo la propia acogida configura la identidad de la sociedad.<\/p>\n<p>&nbsp;<\/p>\n<p>Es un espacio globalizado limitado por fronteras diversas que se acerca al laberinto de la metr\u00f3poli contempor\u00e1nea y a los trayectos f\u00edsicos, emocionales, burocr\u00e1ticos de las migraciones. Aportaciones de pensadores contempor\u00e1neos, un juego infantil, cartas y objetos son los recursos del museo para examinar el patrimonio migratorio actual. El sonido met\u00e1lico de las postales de la valla son las memorias y los hechos inc\u00f3modos del presente: la infancia migrante, el racismo, el colonialismo y las pateras en el mar.<\/p>\n<p>&nbsp;<\/p>\n<p>El objeto destaca como testimonio de los procesos y de la identidad cultural. Varios recursos digitalizados interactivos, ofrecen una visi\u00f3n de sobre aspectos hist\u00f3ricos y sociales de la inmigraci\u00f3n y presentan proyectos sociales y art\u00edsticos locales.[\/vc_custom_heading][\/vc_column][\/vc_row][vc_row row_height_percent=\u00bb0&#8243; back_color=\u00bbFinch\u00bb overlay_alpha=\u00bb50&#8243; equal_height=\u00bbyes\u00bb gutter_size=\u00bb3&#8243; column_width_percent=\u00bb100&#8243; shift_y=\u00bb0&#8243; z_index=\u00bb0&#8243; uncode_shortcode_id=\u00bb205965&#8243; back_color_type=\u00bbuncode-palette\u00bb][vc_column column_width_percent=\u00bb100&#8243; position_vertical=\u00bbmiddle\u00bb gutter_size=\u00bb3&#8243; overlay_alpha=\u00bb50&#8243; shift_x=\u00bb0&#8243; shift_y=\u00bb0&#8243; shift_y_down=\u00bb0&#8243; z_index=\u00bb0&#8243; medium_width=\u00bb0&#8243; mobile_width=\u00bb0&#8243; width=\u00bb3\/12&#8243; uncode_shortcode_id=\u00bb143829&#8243;][vc_single_image media=\u00bb20978&#8243; media_width_percent=\u00bb100&#8243; uncode_shortcode_id=\u00bb185505&#8243;][\/vc_column][vc_column column_width_percent=\u00bb100&#8243; position_vertical=\u00bbmiddle\u00bb gutter_size=\u00bb3&#8243; overlay_alpha=\u00bb50&#8243; shift_x=\u00bb0&#8243; shift_y=\u00bb0&#8243; shift_y_down=\u00bb0&#8243; z_index=\u00bb0&#8243; medium_width=\u00bb0&#8243; mobile_width=\u00bb0&#8243; width=\u00bb4\/12&#8243; uncode_shortcode_id=\u00bb122506&#8243;][vc_single_image media=\u00bb20609&#8243; media_width_percent=\u00bb100&#8243; uncode_shortcode_id=\u00bb351467&#8243;][\/vc_column][vc_column width=\u00bb5\/12&#8243;][vc_custom_heading text_color=\u00bbcolor-xsdn\u00bb heading_semantic=\u00bbdiv\u00bb text_font=\u00bbFira-Sans\u00bb text_size=\u00bbfontsize-186462&#8243; text_weight=\u00bb700&#8243; sub_reduced=\u00bbyes\u00bb uncode_shortcode_id=\u00bb146461&#8243; text_color_type=\u00bbuncode-palette\u00bb]PARADAS:[\/vc_custom_heading][vc_custom_heading text_color=\u00bbcolor-xsdn\u00bb heading_semantic=\u00bbdiv\u00bb text_font=\u00bbFira-Sans\u00bb text_size=\u00bb\u00bb text_weight=\u00bb300&#8243; sub_reduced=\u00bbyes\u00bb uncode_shortcode_id=\u00bb398886&#8243; text_color_type=\u00bbuncode-palette\u00bb]<\/p>\n<ul style=\"margin-top: 0;\">\n<li style=\"line-height: 30px;\">La decisi\u00f3n<\/li>\n<li style=\"line-height: 30px;\">La frontera<\/li>\n<li style=\"line-height: 30px;\">La llegada<\/li>\n<li style=\"line-height: 30px;\">El asentamiento<\/li>\n<\/ul>\n<p>[\/vc_custom_heading][vc_button button_color=\u00bbcolor-xsdn\u00bb hover_fx=\u00bboutlined\u00bb outline=\u00bbyes\u00bb border_width=\u00bb2&#8243; link=\u00bburl:https%3A%2F%2Fwww.mhic.cat%2Festacio-4-espai-migrar%2F|title:%C3%81MBITO%204.%20Espacio%20%5BMIGRAR%5D|target:_blank\u00bb button_color_type=\u00bbuncode-palette\u00bb uncode_shortcode_id=\u00bb195483&#8243;]+ Informaci\u00f3n &#8211; Espacio [Migrar][\/vc_button][\/vc_column][\/vc_row][vc_row][vc_column width=\u00bb1\/1&#8243;][vc_empty_space empty_h=\u00bb2&#8243;][vc_custom_heading text_color=\u00bbcolor-jevc\u00bb heading_semantic=\u00bbdiv\u00bb text_font=\u00bbRoboto-Slab\u00bb text_size=\u00bbh4&#8243; text_weight=\u00bb700&#8243; uncode_shortcode_id=\u00bb141482&#8243; text_color_type=\u00bbuncode-palette\u00bb el_class=\u00bbsection-title-pearl\u00bb]\u00c1MBITO 5. MASIA CAN SERRA[\/vc_custom_heading][vc_row_inner][vc_column_inner width=\u00bb7\/12&#8243;][vc_custom_heading text_color=\u00bbcolor-jevc\u00bb heading_semantic=\u00bbdiv\u00bb text_font=\u00bbFira-Sans\u00bb text_size=\u00bbfontsize-186462&#8243; text_weight=\u00bb700&#8243; sub_reduced=\u00bbyes\u00bb uncode_shortcode_id=\u00bb456061&#8243; text_color_type=\u00bbuncode-palette\u00bb]Recepci\u00f3n y sede de <a href=\"https:\/\/www.mhic.cat\/exposicions-temporals-2\/\" target=\"_blank\" rel=\"noopener\">exposiciones temporales<\/a>.[\/vc_custom_heading][vc_custom_heading text_color=\u00bbcolor-jevc\u00bb heading_semantic=\u00bbdiv\u00bb text_font=\u00bbFira-Sans\u00bb text_size=\u00bb\u00bb text_weight=\u00bb300&#8243; uncode_shortcode_id=\u00bb190646&#8243; text_color_type=\u00bbuncode-palette\u00bb]El edificio de la Mas\u00eda es la sede central del Museo de historia de la inmigraci\u00f3n de Catalu\u00f1a y el espacio de las exposiciones temporales que se renuevan peri\u00f3dicamente.<\/p>\n<p>&nbsp;<\/p>\n<p>La sala peque\u00f1a acoge exposiciones de peque\u00f1o formato, asociadas a menudo con campa\u00f1as de sensibilizaci\u00f3n p\u00fablica y fotogr\u00e1fica.<\/p>\n<p>&nbsp;<\/p>\n<p>La sala grande despliega las exposiciones monogr\u00e1ficas que ampl\u00edan el discurso del museo y su fondo. Son proyectos participativos con una gran vocaci\u00f3n educativa.<\/p>\n<p>&nbsp;<\/p>\n<p>La terraza del edificio se puede visitar a demanda y, desde all\u00ed, se observa tanto el jard\u00edn del museo como el paisaje urbano que explica desde el urbanismo la huella migratoria y la construcci\u00f3n del territorio metropolitano. Coronado por las tres chimeneas como elemento destacado de la identidad de este paisaje.[\/vc_custom_heading][\/vc_column_inner][vc_column_inner width=\u00bb5\/12&#8243;][vc_empty_space][vc_single_image media=\u00bb20613&#8243; media_width_percent=\u00bb100&#8243; uncode_shortcode_id=\u00bb144268&#8243;][\/vc_column_inner][\/vc_row_inner][vc_empty_space empty_h=\u00bb2&#8243;][\/vc_column][\/vc_row][vc_row row_height_percent=\u00bb0&#8243; back_color=\u00bbcolor-jevc\u00bb overlay_alpha=\u00bb50&#8243; gutter_size=\u00bb3&#8243; column_width_percent=\u00bb100&#8243; shift_y=\u00bb0&#8243; z_index=\u00bb0&#8243; uncode_shortcode_id=\u00bb147271&#8243; back_color_type=\u00bbuncode-palette\u00bb][vc_column column_width_percent=\u00bb100&#8243; position_vertical=\u00bbmiddle\u00bb gutter_size=\u00bb3&#8243; overlay_alpha=\u00bb50&#8243; shift_x=\u00bb0&#8243; shift_y=\u00bb0&#8243; shift_y_down=\u00bb0&#8243; z_index=\u00bb0&#8243; medium_width=\u00bb0&#8243; mobile_width=\u00bb0&#8243; width=\u00bb1\/1&#8243; uncode_shortcode_id=\u00bb505368&#8243;][vc_single_image media=\u00bb20617&#8243; media_width_use_pixel=\u00bbyes\u00bb alignment=\u00bbcenter\u00bb uncode_shortcode_id=\u00bb101283&#8243; media_width_pixel=\u00bb771&#8243;][\/vc_column][\/vc_row]<\/p>\n<\/section>","protected":false},"excerpt":{"rendered":"<p>[vc_row row_height_percent=\u00bb0&#8243; override_padding=\u00bbyes\u00bb h_padding=\u00bb2&#8243; top_padding=\u00bb3&#8243; bottom_padding=\u00bb2&#8243; overlay_alpha=\u00bb50&#8243; gutter_size=\u00bb3&#8243; column_width_percent=\u00bb100&#8243; shift_y=\u00bb0&#8243; z_index=\u00bb0&#8243; uncode_shortcode_id=\u00bb151913&#8243;][vc_column width=\u00bb1\/1&#8243;][vc_custom_heading text_color=\u00bbcolor-jevc\u00bb heading_semantic=\u00bbdiv\u00bb text_font=\u00bbFira-Sans\u00bb text_size=\u00bbh6&#8243; text_weight=\u00bb700&#8243; text_height=\u00bbfontheight-533793&#8243; uncode_shortcode_id=\u00bb203933&#8243; [&hellip;]<\/p>\n","protected":false},"author":1,"featured_media":0,"parent":0,"menu_order":0,"comment_status":"closed","ping_status":"closed","template":"","meta":{"footnotes":""},"acf":[],"_links":{"self":[{"href":"https:\/\/www.mhic.cat\/es\/wp-json\/wp\/v2\/pages\/21141"}],"collection":[{"href":"https:\/\/www.mhic.cat\/es\/wp-json\/wp\/v2\/pages"}],"about":[{"href":"https:\/\/www.mhic.cat\/es\/wp-json\/wp\/v2\/types\/page"}],"author":[{"embeddable":true,"href":"https:\/\/www.mhic.cat\/es\/wp-json\/wp\/v2\/users\/1"}],"replies":[{"embeddable":true,"href":"https:\/\/www.mhic.cat\/es\/wp-json\/wp\/v2\/comments?post=21141"}],"version-history":[{"count":4,"href":"https:\/\/www.mhic.cat\/es\/wp-json\/wp\/v2\/pages\/21141\/revisions"}],"predecessor-version":[{"id":21364,"href":"https:\/\/www.mhic.cat\/es\/wp-json\/wp\/v2\/pages\/21141\/revisions\/21364"}],"wp:attachment":[{"href":"https:\/\/www.mhic.cat\/es\/wp-json\/wp\/v2\/media?parent=21141"}],"curies":[{"name":"wp","href":"https:\/\/api.w.org\/{rel}","templated":true}]}}