{"id":21153,"date":"2023-10-31T14:26:22","date_gmt":"2023-10-31T14:26:22","guid":{"rendered":"https:\/\/www.mhic.cat\/museu\/"},"modified":"2023-11-23T13:02:05","modified_gmt":"2023-11-23T13:02:05","slug":"museu","status":"publish","type":"page","link":"https:\/\/www.mhic.cat\/es\/museu\/","title":{"rendered":"Museu"},"content":{"rendered":"<section class=\"wpb-content-wrapper\"><p>[vc_row row_height_percent=\u00bb0&#8243; override_padding=\u00bbyes\u00bb h_padding=\u00bb2&#8243; top_padding=\u00bb3&#8243; bottom_padding=\u00bb2&#8243; overlay_alpha=\u00bb50&#8243; gutter_size=\u00bb3&#8243; column_width_percent=\u00bb100&#8243; shift_y=\u00bb0&#8243; z_index=\u00bb0&#8243; uncode_shortcode_id=\u00bb116281&#8243;][vc_column width=\u00bb1\/1&#8243;][vc_custom_heading text_color=\u00bbcolor-jevc\u00bb heading_semantic=\u00bbdiv\u00bb text_font=\u00bbRoboto-Slab\u00bb text_size=\u00bbh4&#8243; text_weight=\u00bb700&#8243; uncode_shortcode_id=\u00bb210596&#8243; text_color_type=\u00bbuncode-palette\u00bb el_class=\u00bbsection-title-pearl\u00bb]EL MUSEO. \u00bfQUIENES SOMOS?[\/vc_custom_heading][vc_custom_heading text_color=\u00bbcolor-jevc\u00bb heading_semantic=\u00bbdiv\u00bb text_font=\u00bbFira-Sans\u00bb text_size=\u00bbh6&#8243; text_weight=\u00bb500&#8243; uncode_shortcode_id=\u00bb957248&#8243; text_color_type=\u00bbuncode-palette\u00bb]El Museo de historia de la inmigraci\u00f3n de Catalu\u00f1a (MhiC) abri\u00f3 sus puertas en 2004. Es por lo tanto un museo del siglo XXI, con una clara vocaci\u00f3n educativa para la ciudadan\u00eda, donde la creaci\u00f3n del Fondo patrimonial es abierta y participativa.[\/vc_custom_heading][\/vc_column][\/vc_row][vc_row row_height_percent=\u00bb0&#8243; override_padding=\u00bbyes\u00bb h_padding=\u00bb2&#8243; top_padding=\u00bb1&#8243; bottom_padding=\u00bb0&#8243; overlay_alpha=\u00bb50&#8243; gutter_size=\u00bb3&#8243; column_width_percent=\u00bb100&#8243; shift_y=\u00bb0&#8243; z_index=\u00bb0&#8243; uncode_shortcode_id=\u00bb148052&#8243;][vc_column width=\u00bb1\/1&#8243;][uncode_slider][vc_row_inner][vc_column_inner width=\u00bb1\/1&#8243;][vc_single_image media=\u00bb21265&#8243; media_width_percent=\u00bb100&#8243; uncode_shortcode_id=\u00bb173009&#8243;][\/vc_column_inner][\/vc_row_inner][vc_row_inner][vc_column_inner width=\u00bb1\/1&#8243;][vc_single_image media=\u00bb21265&#8243; media_width_percent=\u00bb100&#8243; uncode_shortcode_id=\u00bb739496&#8243;][\/vc_column_inner][\/vc_row_inner][\/uncode_slider][\/vc_column][\/vc_row][vc_row row_height_percent=\u00bb0&#8243; override_padding=\u00bbyes\u00bb h_padding=\u00bb2&#8243; top_padding=\u00bb3&#8243; bottom_padding=\u00bb2&#8243; overlay_alpha=\u00bb50&#8243; gutter_size=\u00bb3&#8243; column_width_percent=\u00bb100&#8243; shift_y=\u00bb0&#8243; z_index=\u00bb0&#8243; uncode_shortcode_id=\u00bb116281&#8243;][vc_column width=\u00bb1\/1&#8243;][vc_custom_heading text_color=\u00bbcolor-jevc\u00bb heading_semantic=\u00bbdiv\u00bb text_font=\u00bbFira-Sans\u00bb text_size=\u00bbh6&#8243; text_weight=\u00bb300&#8243; uncode_shortcode_id=\u00bb502786&#8243; text_color_type=\u00bbuncode-palette\u00bb]El contenido del MhiC se articula desde su espacio permanente en tres \u00c1mbitos[\/vc_custom_heading][\/vc_column][\/vc_row][vc_row row_height_percent=\u00bb0&#8243; override_padding=\u00bbyes\u00bb h_padding=\u00bb2&#8243; top_padding=\u00bb3&#8243; bottom_padding=\u00bb3&#8243; back_color=\u00bbFinch\u00bb overlay_alpha=\u00bb50&#8243; gutter_size=\u00bb4&#8243; column_width_percent=\u00bb100&#8243; shift_y=\u00bb0&#8243; z_index=\u00bb0&#8243; uncode_shortcode_id=\u00bb119933&#8243; back_color_type=\u00bbuncode-palette\u00bb][vc_column column_width_percent=\u00bb100&#8243; gutter_size=\u00bb2&#8243; overlay_alpha=\u00bb50&#8243; shift_x=\u00bb0&#8243; shift_y=\u00bb0&#8243; shift_y_down=\u00bb0&#8243; z_index=\u00bb0&#8243; medium_width=\u00bb0&#8243; mobile_width=\u00bb0&#8243; width=\u00bb1\/3&#8243; uncode_shortcode_id=\u00bb105119&#8243; el_class=\u00bbqui-som-block-item\u00bb][vc_custom_heading text_color=\u00bbcolor-xsdn\u00bb heading_semantic=\u00bbdiv\u00bb text_font=\u00bbFira-Sans\u00bb text_size=\u00bbh4&#8243; text_weight=\u00bb700&#8243; sub_reduced=\u00bbyes\u00bb uncode_shortcode_id=\u00bb109793&#8243; text_color_type=\u00bbuncode-palette\u00bb]Humanos en movimiento[\/vc_custom_heading][vc_custom_heading text_color=\u00bbcolor-xsdn\u00bb heading_semantic=\u00bbdiv\u00bb text_font=\u00bbRoboto-Slab\u00bb text_size=\u00bbfontsize-121128&#8243; text_weight=\u00bb700&#8243; uncode_shortcode_id=\u00bb277825&#8243; text_color_type=\u00bbuncode-palette\u00bb]Procesos migratorios del ser humano[\/vc_custom_heading][vc_custom_heading text_color=\u00bbcolor-xsdn\u00bb heading_semantic=\u00bbp\u00bb text_font=\u00bbFira-Sans\u00bb text_size=\u00bb\u00bb text_weight=\u00bb300&#8243; uncode_shortcode_id=\u00bb113790&#8243; text_color_type=\u00bbuncode-palette\u00bb]Una perspectiva conceptual y terminol\u00f3gica, para familiarizar nuestro p\u00fablico con la naturalidad del hecho migratorio y la visi\u00f3n global de este concepto[\/vc_custom_heading][\/vc_column][vc_column column_width_percent=\u00bb100&#8243; gutter_size=\u00bb2&#8243; overlay_alpha=\u00bb50&#8243; shift_x=\u00bb0&#8243; shift_y=\u00bb0&#8243; shift_y_down=\u00bb0&#8243; z_index=\u00bb0&#8243; medium_width=\u00bb0&#8243; mobile_width=\u00bb0&#8243; width=\u00bb1\/3&#8243; uncode_shortcode_id=\u00bb196756&#8243; el_class=\u00bbqui-som-block-item\u00bb][vc_custom_heading text_color=\u00bbcolor-xsdn\u00bb heading_semantic=\u00bbdiv\u00bb text_font=\u00bbFira-Sans\u00bb text_size=\u00bbh4&#8243; text_weight=\u00bb700&#8243; sub_reduced=\u00bbyes\u00bb uncode_shortcode_id=\u00bb205067&#8243; text_color_type=\u00bbuncode-palette\u00bb]Sevillano Barcelona Termino[\/vc_custom_heading][vc_custom_heading text_color=\u00bbcolor-xsdn\u00bb heading_semantic=\u00bbdiv\u00bb text_font=\u00bbRoboto-Slab\u00bb text_size=\u00bbfontsize-121128&#8243; text_weight=\u00bb700&#8243; uncode_shortcode_id=\u00bb277825&#8243; text_color_type=\u00bbuncode-palette\u00bb]Procesos migratorios del ser humano[\/vc_custom_heading][vc_custom_heading text_color=\u00bbcolor-xsdn\u00bb heading_semantic=\u00bbp\u00bb text_font=\u00bbFira-Sans\u00bb text_size=\u00bb\u00bb text_weight=\u00bb300&#8243; uncode_shortcode_id=\u00bb197356&#8243; text_color_type=\u00bbuncode-palette\u00bb]El contenido cierra el objetivo y se acerca a los aspectos m\u00e1s representativos de la inmigraci\u00f3n en el siglo XX Catalu\u00f1a a partir de las causas y tambi\u00e9n consecuencias en nuestro territorio.[\/vc_custom_heading][\/vc_column][vc_column column_width_percent=\u00bb100&#8243; gutter_size=\u00bb2&#8243; overlay_alpha=\u00bb50&#8243; shift_x=\u00bb0&#8243; shift_y=\u00bb0&#8243; shift_y_down=\u00bb0&#8243; z_index=\u00bb0&#8243; medium_width=\u00bb0&#8243; mobile_width=\u00bb0&#8243; width=\u00bb1\/3&#8243; uncode_shortcode_id=\u00bb167035&#8243; el_class=\u00bbqui-som-block-item\u00bb][vc_custom_heading text_color=\u00bbcolor-xsdn\u00bb heading_semantic=\u00bbdiv\u00bb text_font=\u00bbFira-Sans\u00bb text_size=\u00bbh4&#8243; text_weight=\u00bb700&#8243; sub_reduced=\u00bbyes\u00bb uncode_shortcode_id=\u00bb212724&#8243; text_color_type=\u00bbuncode-palette\u00bb]Espai Migrar[\/vc_custom_heading][vc_custom_heading text_color=\u00bbcolor-xsdn\u00bb heading_semantic=\u00bbdiv\u00bb text_font=\u00bbRoboto-Slab\u00bb text_size=\u00bbfontsize-121128&#8243; text_weight=\u00bb700&#8243; uncode_shortcode_id=\u00bb277825&#8243; text_color_type=\u00bbuncode-palette\u00bb]Procesos migratorios del ser humano[\/vc_custom_heading][vc_custom_heading text_color=\u00bbcolor-xsdn\u00bb heading_semantic=\u00bbp\u00bb text_font=\u00bbFira-Sans\u00bb text_size=\u00bb\u00bb text_weight=\u00bb300&#8243; uncode_shortcode_id=\u00bb541566&#8243; text_color_type=\u00bbuncode-palette\u00bb]en el siglo XXI ponemos la mirada a las migraciones desde una perspectiva muy actual, desde nuestro presente m\u00e1s inmediato y futuro (Espai Migrar)[\/vc_custom_heading][\/vc_column][\/vc_row][vc_row][vc_column width=\u00bb1\/1&#8243;][vc_custom_heading text_color=\u00bbcolor-jevc\u00bb heading_semantic=\u00bbdiv\u00bb text_font=\u00bbFira-Sans\u00bb text_size=\u00bb\u00bb text_weight=\u00bb300&#8243; uncode_shortcode_id=\u00bb468192&#8243; text_color_type=\u00bbuncode-palette\u00bb]El MhiC se gestiona desde el \u00c1rea de Cultura del <a style=\"text-decoration: underline!important;\" href=\"https:\/\/www.sant-adria.cat\/\" target=\"_blank\" rel=\"noopener\">Ayuntamiento de Sant Adri\u00e0 de Bes\u00f2s<\/a> y forma parte de la Red de Museos de Etnolog\u00eda de Catalu\u00f1a y de la Red de Museos Locales de la Diputaci\u00f3n de Barcelona.<\/p>\n<p>&nbsp;<\/p>\n<p>Metodol\u00f3gicamente no se puede entender este museo sin la participaci\u00f3n de escuelas, la comunidad educativa, la universidad, colectivos de origen, asociaciones, entidades ONG\u2019s y el p\u00fablico general que consolida el discurso del museo d\u00eda a d\u00eda con sus aportaciones, cesiones de materiales por el Fondo, (Cat\u00e0leg: La mem\u00f2ria dels objectes silenciats) y uso de los espacios del museo a partir de sus necesidades y v\u00ednculos afectivos con \u00e9l.<\/p>\n<p>&nbsp;<\/p>\n<p><span style=\"font-weight: 500!important;\">A todos ellos i todas ellas, nuestro agradecimiento para ayudarnos a hacer crecer al MhiC.<\/span>[\/vc_custom_heading][vc_empty_space empty_h=\u00bb2&#8243;][vc_custom_heading text_color=\u00bbcolor-jevc\u00bb heading_semantic=\u00bbdiv\u00bb text_font=\u00bbRoboto-Slab\u00bb text_size=\u00bbh4&#8243; text_weight=\u00bb700&#8243; uncode_shortcode_id=\u00bb514743&#8243; text_color_type=\u00bbuncode-palette\u00bb el_class=\u00bbsection-title-pearl\u00bb]EL REFUGIO, LA ANTENA DEL MHIC[\/vc_custom_heading][\/vc_column][\/vc_row][vc_row row_height_percent=\u00bb0&#8243; override_padding=\u00bbyes\u00bb h_padding=\u00bb2&#8243; top_padding=\u00bb0&#8243; bottom_padding=\u00bb0&#8243; overlay_alpha=\u00bb50&#8243; gutter_size=\u00bb3&#8243; column_width_percent=\u00bb100&#8243; shift_y=\u00bb0&#8243; z_index=\u00bb0&#8243; uncode_shortcode_id=\u00bb362668&#8243;][vc_column width=\u00bb1\/6&#8243;][vc_single_image media=\u00bb20459&#8243; media_width_percent=\u00bb100&#8243; uncode_shortcode_id=\u00bb188286&#8243;][\/vc_column][vc_column width=\u00bb5\/6&#8243;][vc_custom_heading text_color=\u00bbcolor-jevc\u00bb heading_semantic=\u00bbdiv\u00bb text_font=\u00bbFira-Sans\u00bb text_size=\u00bb\u00bb text_weight=\u00bb300&#8243; uncode_shortcode_id=\u00bb196575&#8243; text_color_type=\u00bbuncode-palette\u00bb]El Refugio antia\u00e9reo de la plaza Maci\u00e0 (RapM) es un Espacio de Memoria adrianense. Proviene de un proyecto de recuperaci\u00f3n de la memoria hist\u00f3rica local que dispone de una intervenci\u00f3n museol\u00f3gica inclusiva y de una se\u00f1alizaci\u00f3n espec\u00edfica para poderlo visitar, as\u00ed como diversas herramientas did\u00e1cticas para el p\u00fablico escolar. Su finalidad es llevar a cabo talleres de reflexi\u00f3n sobre los bombardeos de 1938 en Sant Adri\u00e0 (entonces llamado Plan de Bes\u00f2s).<\/p>\n<p>&nbsp;<\/p>\n<p>Todas las actividades previstas, tanto las de tipo museol\u00f3gico como pedag\u00f3gico, est\u00e1n pensadas para que cualquier persona, con o sin discapacidad, disfrute de la visita al refugio en igualdad de condiciones. Esto es posible gracias a una serie de medidas que suprimen las barreras arquitect\u00f3nicas, econ\u00f3micas y en la comunicaci\u00f3n.[\/vc_custom_heading][\/vc_column][\/vc_row][vc_row row_height_percent=\u00bb0&#8243; override_padding=\u00bbyes\u00bb h_padding=\u00bb2&#8243; top_padding=\u00bb2&#8243; bottom_padding=\u00bb3&#8243; overlay_alpha=\u00bb50&#8243; gutter_size=\u00bb3&#8243; column_width_percent=\u00bb100&#8243; shift_y=\u00bb0&#8243; z_index=\u00bb0&#8243; uncode_shortcode_id=\u00bb787654&#8243;][vc_column column_width_percent=\u00bb100&#8243; position_vertical=\u00bbmiddle\u00bb gutter_size=\u00bb3&#8243; overlay_alpha=\u00bb50&#8243; shift_x=\u00bb0&#8243; shift_y=\u00bb0&#8243; shift_y_down=\u00bb0&#8243; z_index=\u00bb0&#8243; medium_width=\u00bb0&#8243; mobile_width=\u00bb0&#8243; width=\u00bb1\/1&#8243; uncode_shortcode_id=\u00bb636509&#8243;][vc_custom_heading text_color=\u00bbcolor-jevc\u00bb heading_semantic=\u00bbdiv\u00bb text_font=\u00bbFira-Sans\u00bb text_size=\u00bb\u00bb text_weight=\u00bb300&#8243; uncode_shortcode_id=\u00bb105868&#8243; text_color_type=\u00bbuncode-palette\u00bb]El RapM promueve el contacto intergeneracional entre los ni\u00f1os y ni\u00f1as de hoy y los de 1938, a partir de un documental que se pasa a los visitantes hecho con ni\u00f1os y ni\u00f1as adrianenses de la guerra, <i>Los ni\u00f1os del Plan de Bes\u00f2s<\/i>.[\/vc_custom_heading][vc_row_inner][vc_column_inner column_width_percent=\u00bb100&#8243; align_horizontal=\u00bbalign_center\u00bb gutter_size=\u00bb3&#8243; overlay_alpha=\u00bb50&#8243; shift_x=\u00bb0&#8243; shift_y=\u00bb0&#8243; shift_y_down=\u00bb0&#8243; z_index=\u00bb0&#8243; medium_width=\u00bb0&#8243; mobile_width=\u00bb0&#8243; width=\u00bb1\/1&#8243; uncode_shortcode_id=\u00bb810859&#8243;][vc_button button_color=\u00bbcolor-jevc\u00bb hover_fx=\u00bboutlined\u00bb outline=\u00bbyes\u00bb custom_typo=\u00bbyes\u00bb font_family=\u00bbFira-Sans\u00bb font_weight=\u00bb500&#8243; border_width=\u00bb2&#8243; link=\u00bburl:https%3A%2F%2Frefugi.sant-adria.net%2F|title:Refugio%20antieario|target:_blank|\u00bb button_color_type=\u00bbuncode-palette\u00bb uncode_shortcode_id=\u00bb152785&#8243;]M\u00c1S INFORMACI\u00d3N WEB REFUGIO[\/vc_button][\/vc_column_inner][\/vc_row_inner][\/vc_column][\/vc_row][vc_row row_height_percent=\u00bb0&#8243; override_padding=\u00bbyes\u00bb h_padding=\u00bb2&#8243; top_padding=\u00bb3&#8243; bottom_padding=\u00bb3&#8243; back_color=\u00bbFinch\u00bb overlay_alpha=\u00bb50&#8243; gutter_size=\u00bb4&#8243; column_width_percent=\u00bb100&#8243; shift_y=\u00bb0&#8243; z_index=\u00bb0&#8243; uncode_shortcode_id=\u00bb119933&#8243; back_color_type=\u00bbuncode-palette\u00bb][vc_column column_width_percent=\u00bb100&#8243; gutter_size=\u00bb2&#8243; overlay_alpha=\u00bb50&#8243; shift_x=\u00bb0&#8243; shift_y=\u00bb0&#8243; shift_y_down=\u00bb0&#8243; z_index=\u00bb0&#8243; medium_width=\u00bb0&#8243; mobile_width=\u00bb0&#8243; width=\u00bb1\/1&#8243; uncode_shortcode_id=\u00bb845662&#8243;][vc_custom_heading text_color=\u00bbcolor-xsdn\u00bb heading_semantic=\u00bbp\u00bb text_font=\u00bbFira-Sans\u00bb text_size=\u00bb\u00bb text_weight=\u00bb300&#8243; uncode_shortcode_id=\u00bb182411&#8243; text_color_type=\u00bbuncode-palette\u00bb]El Refugio antia\u00e9reo de la plaza Maci\u00e0 (RapM) abri\u00f3 sus puertas como Espacio de Memoria en enero de 2008. Desde entonces y hasta hoy ha sido abierto de forma gratuita tanto para visitas libres como guiadas, asegurando adem\u00e1s que cualquier persona con discapacidad o diversidad funcional reciba la visita en igualdad de condiciones, dado el car\u00e1cter inclusivo y adaptado del recurso.[\/vc_custom_heading][vc_empty_space empty_h=\u00bb0&#8243;][vc_single_image media=\u00bb20467&#8243; media_width_use_pixel=\u00bbyes\u00bb alignment=\u00bbcenter\u00bb uncode_shortcode_id=\u00bb109546&#8243; media_width_pixel=\u00bb193&#8243;][vc_empty_space empty_h=\u00bb0&#8243;][vc_custom_heading text_color=\u00bbcolor-xsdn\u00bb heading_semantic=\u00bbp\u00bb text_font=\u00bbFira-Sans\u00bb text_size=\u00bb\u00bb text_weight=\u00bb300&#8243; uncode_shortcode_id=\u00bb141839&#8243; text_color_type=\u00bbuncode-palette\u00bb]En el a\u00f1o 2013 el departamento de cultura del Ayuntamiento decidi\u00f3 impulsar un proyecto cultural, el RefugiArT, que se a\u00f1adiera a la oferta memorial del Refugio: se trata de hacer nueve sesiones en donde se ofrecen al p\u00fablico actuaciones de artes esc\u00e9nicas, como teatro, m\u00fasica, danza, poes\u00eda, cuentacuentos y magia, a un precio reducido de 5 \u20ac cada una. Se llevan a cabo cada primer viernes de mes (excepto citas clave como festivales de teatro o similares, o la coincidencia con fiestas), excluyendo los meses de julio, agosto y septiembre, para garantizar la comodidad del p\u00fablico asistente.[\/vc_custom_heading][vc_empty_space empty_h=\u00bb0&#8243;][vc_row_inner][vc_column_inner column_width_percent=\u00bb100&#8243; align_horizontal=\u00bbalign_center\u00bb gutter_size=\u00bb3&#8243; overlay_alpha=\u00bb50&#8243; shift_x=\u00bb0&#8243; shift_y=\u00bb0&#8243; shift_y_down=\u00bb0&#8243; z_index=\u00bb0&#8243; medium_width=\u00bb0&#8243; mobile_width=\u00bb0&#8243; width=\u00bb1\/1&#8243; uncode_shortcode_id=\u00bb810859&#8243;][vc_button button_color=\u00bbcolor-xsdn\u00bb hover_fx=\u00bboutlined\u00bb outline=\u00bbyes\u00bb custom_typo=\u00bbyes\u00bb font_family=\u00bbFira-Sans\u00bb font_weight=\u00bb500&#8243; border_width=\u00bb2&#8243; link=\u00bburl:https%3A%2F%2Frefugiart.wordpress.com%2F|title:Reservas%20Refugio%20antieario|target:_blank|\u00bb button_color_type=\u00bbuncode-palette\u00bb uncode_shortcode_id=\u00bb168385&#8243;]INFORMACI\u00d3N Y RESERVAS[\/vc_button][\/vc_column_inner][\/vc_row_inner][\/vc_column][\/vc_row][vc_row row_height_percent=\u00bb0&#8243; override_padding=\u00bbyes\u00bb h_padding=\u00bb2&#8243; top_padding=\u00bb3&#8243; bottom_padding=\u00bb3&#8243; overlay_alpha=\u00bb50&#8243; gutter_size=\u00bb3&#8243; column_width_percent=\u00bb100&#8243; shift_y=\u00bb0&#8243; z_index=\u00bb0&#8243; uncode_shortcode_id=\u00bb122606&#8243;][vc_column column_width_percent=\u00bb100&#8243; position_vertical=\u00bbmiddle\u00bb gutter_size=\u00bb3&#8243; overlay_alpha=\u00bb50&#8243; shift_x=\u00bb0&#8243; shift_y=\u00bb0&#8243; shift_y_down=\u00bb0&#8243; z_index=\u00bb0&#8243; medium_width=\u00bb0&#8243; mobile_width=\u00bb0&#8243; width=\u00bb1\/1&#8243; uncode_shortcode_id=\u00bb636509&#8243;][vc_custom_heading text_color=\u00bbcolor-jevc\u00bb heading_semantic=\u00bbdiv\u00bb text_font=\u00bbFira-Sans\u00bb text_size=\u00bb\u00bb text_weight=\u00bb300&#8243; uncode_shortcode_id=\u00bb570307&#8243; text_color_type=\u00bbuncode-palette\u00bb]Descarga la Gu\u00eda de visita y recursos de referencia sobre el Refugio. Aqu\u00ed encontrar\u00e9is:<\/p>\n<ul>\n<li>Gu\u00eda de la visita y de los \u00e1mbitos expositivos del Refugio al documento<\/li>\n<li>Recursos de referencia cinematogr\u00e1ficos y videos en l\u00ednea<\/li>\n<li>Referencias literarias y bibliogr\u00e1ficas<\/li>\n<\/ul>\n<p>[\/vc_custom_heading][vc_row_inner][vc_column_inner column_width_percent=\u00bb100&#8243; align_horizontal=\u00bbalign_center\u00bb gutter_size=\u00bb3&#8243; overlay_alpha=\u00bb50&#8243; shift_x=\u00bb0&#8243; shift_y=\u00bb0&#8243; shift_y_down=\u00bb0&#8243; z_index=\u00bb0&#8243; medium_width=\u00bb0&#8243; mobile_width=\u00bb0&#8243; width=\u00bb1\/1&#8243; uncode_shortcode_id=\u00bb810859&#8243;][vc_button button_color=\u00bbcolor-jevc\u00bb hover_fx=\u00bboutlined\u00bb outline=\u00bbyes\u00bb custom_typo=\u00bbyes\u00bb font_family=\u00bbFira-Sans\u00bb font_weight=\u00bb500&#8243; border_width=\u00bb2&#8243; link=\u00bburl:%2Fwp-content%2Fuploads%2F2023%2F10%2FGuia-i-recursos-per-la-visita-al-Refugi-Antiaeri-de-la-placeta-Macia-v.2020.pdf|title:Refugio%20antieario|target:_blank|\u00bb button_color_type=\u00bbuncode-palette\u00bb uncode_shortcode_id=\u00bb170105&#8243;]DESCARGA LA GU\u00cdA[\/vc_button][\/vc_column_inner][\/vc_row_inner][\/vc_column][\/vc_row][vc_row row_height_percent=\u00bb0&#8243; override_padding=\u00bbyes\u00bb h_padding=\u00bb2&#8243; top_padding=\u00bb2&#8243; bottom_padding=\u00bb4&#8243; overlay_alpha=\u00bb50&#8243; gutter_size=\u00bb3&#8243; column_width_percent=\u00bb100&#8243; shift_y=\u00bb0&#8243; z_index=\u00bb0&#8243; uncode_shortcode_id=\u00bb114732&#8243;][vc_column width=\u00bb1\/1&#8243;][vc_gallery el_id=\u00bbgallery-207873&#8243; isotope_mode=\u00bbfitRows\u00bb medias=\u00bb21290,21275,21278,21281,21284,21287&#8243; gutter_size=\u00bb2&#8243; inner_padding=\u00bbyes\u00bb screen_lg=\u00bb1000&#8243; screen_md=\u00bb600&#8243; screen_sm=\u00bb480&#8243; images_size=\u00bbtwo-one\u00bb single_back_color=\u00bbcolor-xsdn\u00bb single_shape=\u00bbround\u00bb radius=\u00bbstd\u00bb single_overlay_opacity=\u00bb50&#8243; single_h_align=\u00bbcenter\u00bb single_padding=\u00bb3&#8243; single_shadow=\u00bbyes\u00bb shadow_weight=\u00bbsm\u00bb single_border=\u00bbyes\u00bb lbox_actual_size=\u00bbyes\u00bb lbox_full=\u00bbyes\u00bb lbox_zoom_origin=\u00bbyes\u00bb lbox_no_tmb=\u00bbyes\u00bb uncode_shortcode_id=\u00bb177271&#8243;][\/vc_column][\/vc_row]<\/p>\n<\/section>","protected":false},"excerpt":{"rendered":"<p>[vc_row row_height_percent=\u00bb0&#8243; override_padding=\u00bbyes\u00bb h_padding=\u00bb2&#8243; top_padding=\u00bb3&#8243; bottom_padding=\u00bb2&#8243; overlay_alpha=\u00bb50&#8243; gutter_size=\u00bb3&#8243; column_width_percent=\u00bb100&#8243; shift_y=\u00bb0&#8243; z_index=\u00bb0&#8243; uncode_shortcode_id=\u00bb116281&#8243;][vc_column width=\u00bb1\/1&#8243;][vc_custom_heading text_color=\u00bbcolor-jevc\u00bb heading_semantic=\u00bbdiv\u00bb text_font=\u00bbRoboto-Slab\u00bb text_size=\u00bbh4&#8243; text_weight=\u00bb700&#8243; uncode_shortcode_id=\u00bb210596&#8243; text_color_type=\u00bbuncode-palette\u00bb [&hellip;]<\/p>\n","protected":false},"author":1,"featured_media":0,"parent":0,"menu_order":0,"comment_status":"closed","ping_status":"closed","template":"","meta":{"footnotes":""},"acf":[],"_links":{"self":[{"href":"https:\/\/www.mhic.cat\/es\/wp-json\/wp\/v2\/pages\/21153"}],"collection":[{"href":"https:\/\/www.mhic.cat\/es\/wp-json\/wp\/v2\/pages"}],"about":[{"href":"https:\/\/www.mhic.cat\/es\/wp-json\/wp\/v2\/types\/page"}],"author":[{"embeddable":true,"href":"https:\/\/www.mhic.cat\/es\/wp-json\/wp\/v2\/users\/1"}],"replies":[{"embeddable":true,"href":"https:\/\/www.mhic.cat\/es\/wp-json\/wp\/v2\/comments?post=21153"}],"version-history":[{"count":5,"href":"https:\/\/www.mhic.cat\/es\/wp-json\/wp\/v2\/pages\/21153\/revisions"}],"predecessor-version":[{"id":21292,"href":"https:\/\/www.mhic.cat\/es\/wp-json\/wp\/v2\/pages\/21153\/revisions\/21292"}],"wp:attachment":[{"href":"https:\/\/www.mhic.cat\/es\/wp-json\/wp\/v2\/media?parent=21153"}],"curies":[{"name":"wp","href":"https:\/\/api.w.org\/{rel}","templated":true}]}}